{"id":1620,"date":"2020-09-08T14:06:46","date_gmt":"2020-09-08T17:06:46","guid":{"rendered":"http:\/\/temacolegio.com.br\/tema\/?page_id=1620"},"modified":"2022-12-15T15:07:20","modified_gmt":"2022-12-15T18:07:20","slug":"sistema-didatico","status":"publish","type":"page","link":"https:\/\/temacolegio.com.br\/tema\/sistema-didatico\/","title":{"rendered":"Sistema Uno-internacional (UNOi) e Sistema Farias Brito (SFB)"},"content":{"rendered":"\n<p><\/p>\n\n\n\nhttps:\/\/youtu.be\/IiH_itW3vuY\n\n\n\n<div class=\"wp-block-image\"><figure class=\"aligncenter size-large\"><img decoding=\"async\" src=\"http:\/\/temacolegio.com.br\/tema\/wp-content\/uploads\/2022\/12\/Caio-ITA.png\" alt=\"\"\/><\/figure><\/div>\n\n\n\n<iframe title=\"Conhe\u00e7a o SFB\" width=\"750\" height=\"422\" src=\"https:\/\/www.youtube.com\/embed\/WDovYarq7Rs?feature=oembed\" frameborder=\"0\" allow=\"accelerometer; autoplay; clipboard-write; encrypted-media; gyroscope; picture-in-picture; web-share\" referrerpolicy=\"strict-origin-when-cross-origin\" allowfullscreen><\/iframe>\n\n\n\n<iframe title=\"TOP 6 MELHORES ESCOLAS DO BRASIL NO ENEM\" width=\"750\" height=\"422\" src=\"https:\/\/www.youtube.com\/embed\/ZuMgqVSBB70?feature=oembed\" frameborder=\"0\" allow=\"accelerometer; autoplay; clipboard-write; encrypted-media; gyroscope; picture-in-picture; web-share\" referrerpolicy=\"strict-origin-when-cross-origin\" allowfullscreen><\/iframe>\n\n\n\n<div class=\"wp-block-media-text alignwide is-stacked-on-mobile\" style=\"grid-template-columns:33% auto\"><figure class=\"wp-block-media-text__media\"><img decoding=\"async\" src=\"http:\/\/temacolegio.com.br\/tema\/wp-content\/uploads\/2019\/09\/Uno-internacional.png\" alt=\"\" class=\"wp-image-8716 size-full\"\/><\/figure><div class=\"wp-block-media-text__content\">\n<p class=\"has-luminous-vivid-amber-background-color has-text-color has-background has-medium-font-size\" style=\"color:#ffffff\">\n\nO Col\u00e9gio Tema utiliza o Sistema Uno Internacional, que tem um material did\u00e1tico completo, atualizado e moderno. Com linguagem atraente e de f\u00e1cil compreens\u00e3o \u00e9 um dos projetos pedag\u00f3gicos mais inovadores da Am\u00e9rica Latina, compreendendo uma rede de mais de 400 escolas e 120 mil alunos. \n\n<\/p>\n<\/div><\/div>\n\n\n\n<div class=\"wp-block-cover alignwide has-background-dim\"><img fetchpriority=\"high\" decoding=\"async\" width=\"1000\" height=\"667\" class=\"wp-block-cover__image-background wp-image-9101\" alt=\"\" src=\"http:\/\/temacolegio.com.br\/tema\/wp-content\/uploads\/2020\/01\/uno.jpg\" data-object-fit=\"cover\" srcset=\"https:\/\/temacolegio.com.br\/tema\/wp-content\/uploads\/2020\/01\/uno.jpg 1000w, https:\/\/temacolegio.com.br\/tema\/wp-content\/uploads\/2020\/01\/uno-300x200.jpg 300w, https:\/\/temacolegio.com.br\/tema\/wp-content\/uploads\/2020\/01\/uno-768x512.jpg 768w\" sizes=\"(max-width: 1000px) 100vw, 1000px\" \/><div class=\"wp-block-cover__inner-container is-layout-flow wp-block-cover-is-layout-flow\">\n<p class=\"has-text-align-center has-large-font-size\"> <br>O material do aluno impresso e a plataforma digital UNOi t\u00eam a fun\u00e7\u00e3o de aprimorar e expandir o ensino em nosso Col\u00e9gio, fazendo o aprendizado muito mais din\u00e2mico e funcional. <\/p>\n<\/div><\/div>\n\n\n\n<div class=\"wp-block-media-text alignfull has-media-on-the-right is-stacked-on-mobile\" style=\"grid-template-columns:auto 46%\"><figure class=\"wp-block-media-text__media\"><img decoding=\"async\" src=\"http:\/\/temacolegio.com.br\/tema\/wp-content\/uploads\/2020\/01\/tecnologias-educacionais-e1578670559407.jpg\" alt=\"\" class=\"wp-image-9087 size-full\"\/><\/figure><div class=\"wp-block-media-text__content\">\n<h2 class=\"wp-block-heading\"><strong>Diferenciais do Tema<\/strong><\/h2>\n\n\n\n<p class=\"has-text-color has-background\" style=\"background-color:#89bb48;color:#ffffff\">Al\u00e9m das ferramentas normais &#8211; que todas as escolas utilizam como materiais did\u00e1ticos, obras liter\u00e1rias, jogos pedag\u00f3gicos, avalia\u00e7\u00f5es, trabalhos, entre outras &#8211; contamos com algumas ferramentas especiais para auxiliar na forma de apresentar todo o conte\u00fado do Fundamental I , Fundamental II e Ensino M\u00e9dio. <\/p>\n\n\n\n<p>O Tema est\u00e1 entre os col\u00e9gios mais modernos do estado, utilizando-se de&nbsp; salas multim\u00eddia conectadas \u00e0 internet, iPads para uso em sala, espa\u00e7o Cultura Maker e, em 2020, passar\u00e1 a contar com Est\u00fadio Transm\u00eddia e sala de apoio educacional. O Ambiente Virtual de Aprendizagem (Plataforma UNOi Educacional) e a ferramenta de gest\u00e3o e comunica\u00e7\u00e3o escola\/fam\u00edlia IScholar, complementam a forma\u00e7\u00e3o do aluno e integram a fam\u00edlia no processo escolar.<\/p>\n\n\n\n<p><\/p>\n<\/div><\/div>\n\n\n\n<div class=\"wp-block-cover alignwide has-background-dim\"><img decoding=\"async\" class=\"wp-block-cover__image-background wp-image-9084\" alt=\"\" src=\"http:\/\/temacolegio.com.br\/tema\/wp-content\/uploads\/2020\/01\/unoi2-e1578668848251.jpg\" data-object-fit=\"cover\"\/><div class=\"wp-block-cover__inner-container is-layout-flow wp-block-cover-is-layout-flow\">\n<p class=\"has-text-align-center has-large-font-size\">FORMAR COMPET\u00caNCIAS PARA O PRESENTE E PARA O FUTURO<\/p>\n<\/div><\/div>\n\n\n\n<div class=\"wp-block-media-text alignwide is-stacked-on-mobile\" style=\"grid-template-columns:34% auto\"><figure class=\"wp-block-media-text__media\"><img decoding=\"async\" src=\"http:\/\/temacolegio.com.br\/tema\/wp-content\/uploads\/2020\/01\/realidade-aumentada.jpg\" alt=\"\" class=\"wp-image-9097 size-full\"\/><\/figure><div class=\"wp-block-media-text__content\">\n<h3 class=\"wp-block-heading\"> Trabalhados integrados ao curr\u00edculo<\/h3>\n\n\n\n<p class=\"has-text-color has-background\" style=\"background-color:#8868bb;color:#ffffff\">A escola desenvolve Educa\u00e7\u00e3o Bil\u00edngue desde o primeiro ano do Ensino Fundamental, TRAJETOi (metodologias ativas interdisciplinares), TURING (A l\u00f3gica da programa\u00e7\u00e3o, explorando e produzindo conhecimentos relacionados ao mundo digital, rob\u00f3tica, arte e design), Cultura Maker (atividades integradas ao curr\u00edculo das disciplinas exploram l\u00f3gica do pensamento e atitudes de planejar, modelar, fazer, testar, acertar ou errar, corrigir os erros, construir conhecimento colocando a &#8220;m\u00e3o da massa&#8221;); Projetos Atitudinais (\u00c1frica e suas culturas; Viver Pindorama; Eu tenho atitude autossustent\u00e1vel); Projeto UNOi Aprender a Pensar,  Aprender a Ser e Conviver (trabalha a intelig\u00eancia emocional, valores, normas e atitudes).<\/p>\n\n\n\n<p class=\"has-text-color has-background\" style=\"background-color:#89bb48;color:#ffffff\">LAN\u00c7AMENTO 2020 &#8211; PROJETOi Transm\u00eddias, est\u00fadio para produ\u00e7\u00e3o de m\u00eddias integradas ao conceito de sala de aula invertida e realidade aumentada, trabalho por projetos, pesquisa e uso das ferramentas digitais de comunica\u00e7\u00e3o e produ\u00e7\u00e3o de conhecimento. <\/p>\n<\/div><\/div>\n\n\n\n<div class=\"wp-block-media-text alignwide has-media-on-the-right is-stacked-on-mobile\"><figure class=\"wp-block-media-text__media\"><img decoding=\"async\" width=\"1024\" height=\"768\" src=\"http:\/\/temacolegio.com.br\/tema\/wp-content\/uploads\/2019\/04\/IMG-20190419-WA0024-1024x768.jpg\" alt=\"\" class=\"wp-image-8422 size-full\"\/><\/figure><div class=\"wp-block-media-text__content\">\n<h2 class=\"wp-block-heading\"><strong>Corpo Docente e n\u00famero de alunos por turma<\/strong><\/h2>\n\n\n\n<h3 class=\"wp-block-heading\"><strong>Fundamental I: <\/strong><\/h3>\n\n\n\n<p class=\"has-very-light-gray-color has-text-color has-background\" style=\"background-color:#89bb48\"><strong>Professoras com Licenciatura em Pedagogia e Professores Licenciados nas \u00e1reas de Arte, Educa\u00e7\u00e3o F\u00edsica, Matem\u00e1tica e Ci\u00eancias, Ingl\u00eas, Hist\u00f3ria e Geografia. E, tamb\u00e9m com especializa\u00e7\u00e3o e mestrado.<\/strong><\/p>\n\n\n\n<ul class=\"wp-block-list\"><li><strong>Primeiro e segundo anos:<\/strong>&nbsp; turmas com at\u00e9 20 alunos;<\/li><li><strong>Terceiro, quarto e quinto-ano:<\/strong>&nbsp; turmas com at\u00e9 25 alunos. <\/li><\/ul>\n\n\n\n<h3 class=\"wp-block-heading\"><strong>Fundamental II:<\/strong><\/h3>\n\n\n\n<p class=\"has-luminous-vivid-amber-background-color has-text-color has-background\" style=\"color:#ffffff\"><strong>Professores com Licenciatura, e tamb\u00e9m com Especializa\u00e7\u00e3o, Mestrado e Doutorado.<\/strong><\/p>\n\n\n\n<ul class=\"wp-block-list\"><li><strong>Sexto ao oitavo ano: <\/strong>turmas com at\u00e9 30 alunos<\/li><li><strong>Nono ano (Pr\u00e9-M\u00e9dio):<\/strong> turmas com at\u00e9 32 alunos&nbsp;<\/li><\/ul>\n\n\n\n<h3 class=\"wp-block-heading\"><strong>Ensino M\u00e9dio:<\/strong><\/h3>\n\n\n\n<p class=\"has-very-light-gray-color has-text-color has-background\" style=\"background-color:#89bb48\"><strong>Professores com Licenciatura, e tamb\u00e9m com Especializa\u00e7\u00e3o, Mestrado e Doutorado.<\/strong><\/p>\n\n\n\n<ul class=\"wp-block-list\"><li><strong>Primeiro ao Terceiro ano do Ensino M\u00e9dio:<\/strong> turmas com at\u00e9 35 alunos.  <\/li><\/ul>\n<\/div><\/div>\n\n\n\n<h2 class=\"wp-block-heading\"><strong class=\"\">PROGRAMA AVALIA\ufeff<\/strong><\/h2>\n\n\n\n<div class=\"wp-block-media-text alignwide is-stacked-on-mobile\" style=\"grid-template-columns:27% auto\"><figure class=\"wp-block-media-text__media\"><img decoding=\"async\" src=\"http:\/\/temacolegio.com.br\/tema\/wp-content\/uploads\/2020\/01\/avalia-educacional.png\" alt=\"\" class=\"wp-image-9086 size-full\"\/><\/figure><div class=\"wp-block-media-text__content\">\n<p>A avalia\u00e7\u00e3o da atividade educativa \u00e9 reconhecida hoje como uma ferramenta indispens\u00e1vel para melhorar a qualidade de ensino, aumentar a credibilidade das escolas, refor\u00e7ar sua capacidade de iniciativa e torn\u00e1-las mais atrativas para alunos e familiares. <\/p>\n\n\n\n<p class=\"has-very-light-gray-color has-text-color has-background\" style=\"background-color:#121836\">Nesse contexto, a AVALIA dedica-se \u00e0 avalia\u00e7\u00e3o padronizada em larga escala com enfoque diferenciado, utilizando modernas t\u00e9cnicas estat\u00edsticas para medir a profici\u00eancia dos alunos, como a Teoria de Resposta ao Item (TRI) e an\u00e1lises multivariadas a partir de modelos de regress\u00e3o hier\u00e1rquica al\u00e9m, \u00e9 claro, do uso rotineiro da Teoria Cl\u00e1ssica dos Testes (TCT), entre outras metodologias para an\u00e1lises de dados educacionais. Isso permite relacionar o aprendizado dos alunos com estruturas sociais e escolares vinculadas \u00e0 sua aprendizagem, viabilizando a proposi\u00e7\u00e3o de melhorias da escola que possibilitem desempenho satisfat\u00f3rio dos estudantes.<br><\/p>\n\n\n\n<p>O <strong>Programa <\/strong>permite uma avalia\u00e7\u00e3o institucional dos gestores, professores e alunos.<br>Dentro deste programa, os alunos do 5\u00ba, 9\u00ba e 3\u00ba ano s\u00e3o avaliados dentro de suas habilidades em leitura e matem\u00e1tica.<\/p>\n<\/div><\/div>\n\n\n\n<h2 class=\"wp-block-heading\"><strong>Programa ETS Toefl<\/strong><\/h2>\n\n\n\n<p><\/p>\n\n\n\n<div class=\"wp-block-media-text alignwide has-media-on-the-right is-stacked-on-mobile\" style=\"grid-template-columns:auto 35%\"><figure class=\"wp-block-media-text__media\"><img decoding=\"async\" src=\"http:\/\/temacolegio.com.br\/tema\/wp-content\/uploads\/2020\/01\/NOVO-819x1024.jpg\" alt=\"\" class=\"wp-image-9098 size-full\"\/><\/figure><div class=\"wp-block-media-text__content\">\n<p class=\"has-text-align-right has-very-light-gray-color has-text-color has-background has-medium-font-size\" style=\"background-color:#8868ab\">\n\nCertificado da <em>Toefl Primary <\/em>e <em>Junior <\/em>do 5 o ao 9 o ano. \u00c9 o exame de l\u00edngua inglesa mais respeitados em todo o mundo, reconhecido por mais de 9.000 centros de estudos, universidades e organiza\u00e7\u00f5es em mais de 130 pa\u00edses, incluindo a Austr\u00e1lia, o Canad\u00e1, o Reino Unido e os Estados Unidos. \n\n<\/p>\n<\/div><\/div>\n\n\n\n<h2 class=\"wp-block-heading\"><strong>Projeto de Orienta\u00e7\u00e3o Profissional &#8211; Col\u00e9gio TEMA<\/strong><\/h2>\n\n\n\n<p>A orienta\u00e7\u00e3o profissional \u00e9 um m\u00e9todo de interven\u00e7\u00e3o onde o indiv\u00edduo passa por um processo de autodescoberta e identifica\u00e7\u00e3o de seus interesses e habilidades, facilitando o momento da escolha e elabora\u00e7\u00e3o de seu projeto de carreira, para o alcance de sua realiza\u00e7\u00e3o pessoal e profissional.<\/p>\n\n\n\n<p>Utilizamos o pressuposto de que uma orienta\u00e7\u00e3o profissional deve contemplar:<\/p>\n\n\n\n<p>1.Busca do autoconhecimento, o significado das escolhas na vida do indiv\u00edduo e os determinantes dessas escolhas; <\/p>\n\n\n\n<p>2.Conhecimento das profiss\u00f5es, mundo do trabalho e as formas de se capacitar para exercer a profiss\u00e3o;<\/p>\n\n\n\n<p>3.Processo de tomada de decis\u00e3o a partir da s\u00edntese dos diferentes elementos levantados ao longo dos encontros.<\/p>\n\n\n\n<h2 class=\"wp-block-heading\"><strong>Morrinho<\/strong><\/h2>\n\n\n\n<p>Ensaio de bateria que mistura instrumentos de percuss\u00e3o, latas, tambores pl\u00e1sticos etc. Esses ensaios acontecem em quintas-feiras. Qualquer pessoa pode fazer parte de Morrinho, n\u00e3o \u00e9 necess\u00e1rio saber tocar os instrumentos antecipadamente.<\/p>\n\n\n\n<div class=\"wp-block-cover alignwide has-background-dim has-parallax\" style=\"background-image:url(http:\/\/temacolegio.com.br\/tema\/wp-content\/uploads\/2020\/01\/sala-multi-m\u00eddia.jpg)\"><div class=\"wp-block-cover__inner-container is-layout-flow wp-block-cover-is-layout-flow\">\n<p class=\"has-text-align-center has-large-font-size\">Salas de aula conectadas \u00e0 internet<\/p>\n<\/div><\/div>\n\n\n\n<h2 class=\"wp-block-heading\"> <strong>Salas de aula digitais<\/strong><\/h2>\n\n\n\n<p class=\"has-text-color has-background\" style=\"background-color:#89bb48;color:#ffffff\">Todas as salas receberam Apple TV e Airport, IPads, projetor e computador. Com isso os professores e alunos podem usufruir as mais de mil sequ\u00eancias did\u00e1ticas digitais, recheadas com objetivos instrucionais de variados tipos: mapas interativos, anima\u00e7\u00f5es, v\u00eddeos e \u00e1udios, al\u00e9m dos aplicativos para cada segmento de ensino, com a parceria do <em>Discovery Education <\/em>e <em>Animal Planet<\/em>.&nbsp;<\/p>\n\n\n\n<hr class=\"wp-block-separator\"\/>\n\n\n\n<div class=\"wp-block-cover alignfull has-background-dim\"><img decoding=\"async\" class=\"wp-block-cover__image-background wp-image-9088\" alt=\"\" src=\"http:\/\/temacolegio.com.br\/tema\/wp-content\/uploads\/2020\/01\/materiais-didaticos-tema-redimensionada.jpg\" data-object-fit=\"cover\"\/><div class=\"wp-block-cover__inner-container is-layout-flow wp-block-cover-is-layout-flow\">\n<p class=\"has-text-align-center has-large-font-size\"><a href=\"http:\/\/www.sistemauno.com.br\/main.jsp?lumPageId=4028808121357BF2012140C1969F2304\">Conhe\u00e7a mais detalhes da Proposta para o Ensino Fundamental e M\u00e9dio. Clique aqui.<\/a><\/p>\n<\/div><\/div>\n\n\n\n<h2 class=\"wp-block-heading\">Conhe\u00e7a mais sobre o material<\/h2>\n\n\n\n<p>Voc\u00ea tamb\u00e9m pode visitar o blog do Sistema Uno por <a href=\"http:\/\/br.unoi.com\/\">aqui<\/a>, que conta com diversas mat\u00e9rias sobre educa\u00e7\u00e3o, aprendizado etc..<\/p>\n\n\n\n<p>Confira <a href=\"http:\/\/jconline.ne10.uol.com.br\/canal\/cidades\/educacao\/noticia\/2012\/06\/30\/plataforma-educacional-une-tecnologia-apple-e-ensino-bilingue-47442.php\">aqui<\/a> uma reportagem da UOL a respeito do sistema Uno e sua inova\u00e7\u00e3o!<\/p>\n","protected":false},"excerpt":{"rendered":"<p>https:\/\/youtu.be\/IiH_itW3vuY O Col\u00e9gio Tema utiliza o Sistema Uno Internacional, que tem um material did\u00e1tico completo, atualizado e moderno. Com linguagem atraente e de f\u00e1cil compreens\u00e3o \u00e9 um dos projetos pedag\u00f3gicos mais inovadores da Am\u00e9rica Latina, compreendendo uma rede de mais de 400 escolas e 120 mil alunos. Diferenciais do Tema [&hellip;]<\/p>\n","protected":false},"author":1,"featured_media":0,"parent":0,"menu_order":0,"comment_status":"closed","ping_status":"open","template":"","meta":{"footnotes":""},"class_list":["post-1620","page","type-page","status-publish","hentry"],"_links":{"self":[{"href":"https:\/\/temacolegio.com.br\/tema\/wp-json\/wp\/v2\/pages\/1620","targetHints":{"allow":["GET"]}}],"collection":[{"href":"https:\/\/temacolegio.com.br\/tema\/wp-json\/wp\/v2\/pages"}],"about":[{"href":"https:\/\/temacolegio.com.br\/tema\/wp-json\/wp\/v2\/types\/page"}],"author":[{"embeddable":true,"href":"https:\/\/temacolegio.com.br\/tema\/wp-json\/wp\/v2\/users\/1"}],"replies":[{"embeddable":true,"href":"https:\/\/temacolegio.com.br\/tema\/wp-json\/wp\/v2\/comments?post=1620"}],"version-history":[{"count":73,"href":"https:\/\/temacolegio.com.br\/tema\/wp-json\/wp\/v2\/pages\/1620\/revisions"}],"predecessor-version":[{"id":11949,"href":"https:\/\/temacolegio.com.br\/tema\/wp-json\/wp\/v2\/pages\/1620\/revisions\/11949"}],"wp:attachment":[{"href":"https:\/\/temacolegio.com.br\/tema\/wp-json\/wp\/v2\/media?parent=1620"}],"curies":[{"name":"wp","href":"https:\/\/api.w.org\/{rel}","templated":true}]}}