{"id":144,"date":"2011-03-19T03:44:24","date_gmt":"2011-03-19T06:44:24","guid":{"rendered":"http:\/\/temacolegio.com.br\/tema\/?page_id=144"},"modified":"2026-01-25T17:42:39","modified_gmt":"2026-01-25T20:42:39","slug":"ensino-fundamental-2","status":"publish","type":"page","link":"https:\/\/temacolegio.com.br\/tema\/ensino-fundamental-2\/","title":{"rendered":"Ensino Fundamental II"},"content":{"rendered":"\t\t<div data-elementor-type=\"wp-page\" data-elementor-id=\"144\" class=\"elementor elementor-144\" data-elementor-post-type=\"page\">\n\t\t\t\t\t\t<section class=\"elementor-section elementor-top-section elementor-element elementor-element-6fc5b7b elementor-section-boxed elementor-section-height-default elementor-section-height-default\" data-id=\"6fc5b7b\" data-element_type=\"section\">\n\t\t\t\t\t\t<div class=\"elementor-container elementor-column-gap-default\">\n\t\t\t\t\t<div class=\"elementor-column elementor-col-100 elementor-top-column elementor-element elementor-element-38568ca\" data-id=\"38568ca\" data-element_type=\"column\">\n\t\t\t<div class=\"elementor-widget-wrap elementor-element-populated\">\n\t\t\t\t\t\t<div class=\"elementor-element elementor-element-12e9fc5 elementor-widget elementor-widget-text-editor\" data-id=\"12e9fc5\" data-element_type=\"widget\" data-widget_type=\"text-editor.default\">\n\t\t\t\t<div class=\"elementor-widget-container\">\n\t\t\t\t\t\t\t\t\t<p style=\"text-align: center;\"><span style=\"color: #008000;\"><a style=\"color: #008000;\" href=\"https:\/\/temacolegio.com.br\/tema\/calendario-fundamental-2\/\"><span style=\"font-size: 20px;\"><span style=\"font-size: 32px;\">Calend\u00e1rios do Ens Fundamental II , Clique aqui! <\/span><\/span><\/a><\/span><\/p>\t\t\t\t\t\t\t\t<\/div>\n\t\t\t\t<\/div>\n\t\t\t\t<div class=\"elementor-element elementor-element-641d579 elementor-widget elementor-widget-text-editor\" data-id=\"641d579\" data-element_type=\"widget\" data-widget_type=\"text-editor.default\">\n\t\t\t\t<div class=\"elementor-widget-container\">\n\t\t\t\t\t\t\t\t\t<p data-start=\"128\" data-end=\"201\" style=\"text-align: center;\"><span style=\"color: #000000; font-size: 20px;\"><strong data-start=\"128\" data-end=\"201\">Forma\u00e7\u00e3o para Crian\u00e7as e Adolecentes do 6\u00ba ao 9\u00ba Ano do Ensino Fundamental<\/strong><\/span><\/p><p data-start=\"203\" data-end=\"539\" style=\"text-align: center;\"><span style=\"color: #000000;\">No Ensino Fundamental \u2013 Anos Finais, nossa proposta orienta-se em alguns pilares essenciais:<\/span><\/p><ul data-start=\"169\" data-end=\"1449\"><li data-start=\"169\" data-end=\"366\"><p data-start=\"171\" data-end=\"366\"><span style=\"color: #000000; font-size: 16px;\"><strong data-start=\"171\" data-end=\"216\">Consolida\u00e7\u00e3o e Amplia\u00e7\u00e3o do Conhecimento:\u00a0<\/strong>Fortalecer e aprofundar os conhecimentos adquiridos nos anos iniciais, introduzindo maior complexidade nos conte\u00fados, em todas as \u00e1reas do saber.<\/span><\/p><\/li><li data-start=\"368\" data-end=\"604\"><p data-start=\"370\" data-end=\"604\"><span style=\"color: #000000; font-size: 16px;\"><strong data-start=\"370\" data-end=\"415\">Desenvolvimento da Autonomia Intelectual:\u00a0<\/strong>Incentivar o pensamento cr\u00edtico, a capacidade de argumenta\u00e7\u00e3o e a responsabilidade sobre o pr\u00f3prio aprendizado, preparando os alunos para serem protagonistas de sua trajet\u00f3ria escolar.<\/span><\/p><\/li><li data-start=\"606\" data-end=\"813\"><p data-start=\"608\" data-end=\"813\"><span style=\"color: #000000; font-size: 16px;\"><strong data-start=\"608\" data-end=\"630\">Forma\u00e7\u00e3o Integral:\u00a0<\/strong>Trabalhar n\u00e3o apenas o conte\u00fado acad\u00eamico, mas tamb\u00e9m o desenvolvimento social, emocional e \u00e9tico, com atividades que estimulem valores como respeito, solidariedade e coopera\u00e7\u00e3o.<\/span><\/p><\/li><li data-start=\"815\" data-end=\"1005\"><p data-start=\"817\" data-end=\"1005\"><span style=\"color: #000000; font-size: 16px;\"><strong data-start=\"817\" data-end=\"858\">Integra\u00e7\u00e3o de Tecnologias e Inova\u00e7\u00e3o:\u00a0<\/strong>Usar tecnologias educacionais de forma ativa para potencializar o ensino, aproximando os estudantes das novas demandas do mundo contempor\u00e2neo.<\/span><\/p><\/li><li data-start=\"815\" data-end=\"1005\"><p data-start=\"817\" data-end=\"1005\"><span style=\"color: #000000; font-size: 16px;\"><strong data-start=\"1260\" data-end=\"1313\">Projetos Interdisciplinares e Viv\u00eancias Pr\u00e1ticas:\u00a0<\/strong>Proporcionar projetos que integrem diversas \u00e1reas do conhecimento, estimulando a pesquisa, a experimenta\u00e7\u00e3o e o trabalho em equipe.<\/span><\/p><\/li><li data-start=\"1007\" data-end=\"1256\"><p data-start=\"1009\" data-end=\"1256\"><span style=\"color: #000000; font-size: 16px;\"><strong data-start=\"1009\" data-end=\"1058\">Prepara\u00e7\u00e3o para o Ensino M\u00e9dio e para a Vida:\u00a0<\/strong>Desenvolver compet\u00eancias e habilidades que ser\u00e3o fundamentais no Ensino M\u00e9dio, no mercado de trabalho e na vida em sociedade, como resolu\u00e7\u00e3o de problemas, comunica\u00e7\u00e3o, criatividade e lideran\u00e7a.<\/span><\/p><\/li><\/ul>\t\t\t\t\t\t\t\t<\/div>\n\t\t\t\t<\/div>\n\t\t\t\t<div class=\"elementor-element elementor-element-6e61d9e elementor-widget elementor-widget-gallery\" data-id=\"6e61d9e\" data-element_type=\"widget\" data-settings=\"{&quot;gallery_layout&quot;:&quot;grid&quot;,&quot;columns&quot;:4,&quot;columns_tablet&quot;:2,&quot;columns_mobile&quot;:1,&quot;gap&quot;:{&quot;unit&quot;:&quot;px&quot;,&quot;size&quot;:10,&quot;sizes&quot;:[]},&quot;gap_tablet&quot;:{&quot;unit&quot;:&quot;px&quot;,&quot;size&quot;:10,&quot;sizes&quot;:[]},&quot;gap_mobile&quot;:{&quot;unit&quot;:&quot;px&quot;,&quot;size&quot;:10,&quot;sizes&quot;:[]},&quot;link_to&quot;:&quot;file&quot;,&quot;aspect_ratio&quot;:&quot;3:2&quot;,&quot;overlay_background&quot;:&quot;yes&quot;,&quot;content_hover_animation&quot;:&quot;fade-in&quot;}\" data-widget_type=\"gallery.default\">\n\t\t\t\t<div class=\"elementor-widget-container\">\n\t\t\t\t\t\t\t<div class=\"elementor-gallery__container\">\n\t\t\t\t\t\t\t<a class=\"e-gallery-item elementor-gallery-item elementor-animated-content\" href=\"https:\/\/temacolegio.com.br\/tema\/wp-content\/uploads\/2023\/12\/2-1.png\" data-elementor-open-lightbox=\"yes\" data-elementor-lightbox-slideshow=\"6e61d9e\" data-e-action-hash=\"#elementor-action%3Aaction%3Dlightbox%26settings%3DeyJpZCI6MTY0NDYsInVybCI6Imh0dHBzOlwvXC90ZW1hY29sZWdpby5jb20uYnJcL3RlbWFcL3dwLWNvbnRlbnRcL3VwbG9hZHNcLzIwMjNcLzEyXC8yLTEucG5nIiwic2xpZGVzaG93IjoiNmU2MWQ5ZSJ9\">\n\t\t\t\t\t<div class=\"e-gallery-image elementor-gallery-item__image\" data-thumbnail=\"https:\/\/temacolegio.com.br\/tema\/wp-content\/uploads\/2023\/12\/2-1-300x200.png\" data-width=\"300\" data-height=\"200\" aria-label=\"\" role=\"img\" ><\/div>\n\t\t\t\t\t\t\t\t\t\t\t<div class=\"elementor-gallery-item__overlay\"><\/div>\n\t\t\t\t\t\t\t\t\t\t\t\t\t\t<\/a>\n\t\t\t\t\t\t\t<a class=\"e-gallery-item elementor-gallery-item elementor-animated-content\" href=\"https:\/\/temacolegio.com.br\/tema\/wp-content\/uploads\/2023\/12\/3-2.png\" data-elementor-open-lightbox=\"yes\" data-elementor-lightbox-slideshow=\"6e61d9e\" data-e-action-hash=\"#elementor-action%3Aaction%3Dlightbox%26settings%3DeyJpZCI6MTY0NDcsInVybCI6Imh0dHBzOlwvXC90ZW1hY29sZWdpby5jb20uYnJcL3RlbWFcL3dwLWNvbnRlbnRcL3VwbG9hZHNcLzIwMjNcLzEyXC8zLTIucG5nIiwic2xpZGVzaG93IjoiNmU2MWQ5ZSJ9\">\n\t\t\t\t\t<div class=\"e-gallery-image elementor-gallery-item__image\" data-thumbnail=\"https:\/\/temacolegio.com.br\/tema\/wp-content\/uploads\/2023\/12\/3-2-300x200.png\" data-width=\"300\" data-height=\"200\" aria-label=\"\" role=\"img\" ><\/div>\n\t\t\t\t\t\t\t\t\t\t\t<div class=\"elementor-gallery-item__overlay\"><\/div>\n\t\t\t\t\t\t\t\t\t\t\t\t\t\t<\/a>\n\t\t\t\t\t\t\t<a class=\"e-gallery-item elementor-gallery-item elementor-animated-content\" href=\"https:\/\/temacolegio.com.br\/tema\/wp-content\/uploads\/2023\/12\/4-1.png\" data-elementor-open-lightbox=\"yes\" data-elementor-lightbox-slideshow=\"6e61d9e\" data-e-action-hash=\"#elementor-action%3Aaction%3Dlightbox%26settings%3DeyJpZCI6MTY0NDgsInVybCI6Imh0dHBzOlwvXC90ZW1hY29sZWdpby5jb20uYnJcL3RlbWFcL3dwLWNvbnRlbnRcL3VwbG9hZHNcLzIwMjNcLzEyXC80LTEucG5nIiwic2xpZGVzaG93IjoiNmU2MWQ5ZSJ9\">\n\t\t\t\t\t<div class=\"e-gallery-image elementor-gallery-item__image\" data-thumbnail=\"https:\/\/temacolegio.com.br\/tema\/wp-content\/uploads\/2023\/12\/4-1-300x200.png\" data-width=\"300\" data-height=\"200\" aria-label=\"\" role=\"img\" ><\/div>\n\t\t\t\t\t\t\t\t\t\t\t<div class=\"elementor-gallery-item__overlay\"><\/div>\n\t\t\t\t\t\t\t\t\t\t\t\t\t\t<\/a>\n\t\t\t\t\t\t\t<a class=\"e-gallery-item elementor-gallery-item elementor-animated-content\" href=\"https:\/\/temacolegio.com.br\/tema\/wp-content\/uploads\/2023\/12\/5-2.png\" data-elementor-open-lightbox=\"yes\" data-elementor-lightbox-slideshow=\"6e61d9e\" data-e-action-hash=\"#elementor-action%3Aaction%3Dlightbox%26settings%3DeyJpZCI6MTY0NDksInVybCI6Imh0dHBzOlwvXC90ZW1hY29sZWdpby5jb20uYnJcL3RlbWFcL3dwLWNvbnRlbnRcL3VwbG9hZHNcLzIwMjNcLzEyXC81LTIucG5nIiwic2xpZGVzaG93IjoiNmU2MWQ5ZSJ9\">\n\t\t\t\t\t<div class=\"e-gallery-image elementor-gallery-item__image\" data-thumbnail=\"https:\/\/temacolegio.com.br\/tema\/wp-content\/uploads\/2023\/12\/5-2-300x200.png\" data-width=\"300\" data-height=\"200\" aria-label=\"\" role=\"img\" ><\/div>\n\t\t\t\t\t\t\t\t\t\t\t<div class=\"elementor-gallery-item__overlay\"><\/div>\n\t\t\t\t\t\t\t\t\t\t\t\t\t\t<\/a>\n\t\t\t\t\t<\/div>\n\t\t\t\t\t<\/div>\n\t\t\t\t<\/div>\n\t\t\t\t\t<\/div>\n\t\t<\/div>\n\t\t\t\t\t<\/div>\n\t\t<\/section>\n\t\t\t\t<\/div>\n\t\t","protected":false},"excerpt":{"rendered":"<p>Calend\u00e1rios do Ens Fundamental II , Clique aqui! Forma\u00e7\u00e3o para Crian\u00e7as e Adolecentes do 6\u00ba ao 9\u00ba Ano do Ensino Fundamental No Ensino Fundamental \u2013 Anos Finais, nossa proposta orienta-se em alguns pilares essenciais: Consolida\u00e7\u00e3o e Amplia\u00e7\u00e3o do Conhecimento:\u00a0Fortalecer e aprofundar os conhecimentos adquiridos nos anos iniciais, introduzindo maior complexidade [&hellip;]<\/p>\n","protected":false},"author":1,"featured_media":0,"parent":0,"menu_order":0,"comment_status":"open","ping_status":"open","template":"","meta":{"footnotes":""},"class_list":["post-144","page","type-page","status-publish","hentry"],"_links":{"self":[{"href":"https:\/\/temacolegio.com.br\/tema\/wp-json\/wp\/v2\/pages\/144","targetHints":{"allow":["GET"]}}],"collection":[{"href":"https:\/\/temacolegio.com.br\/tema\/wp-json\/wp\/v2\/pages"}],"about":[{"href":"https:\/\/temacolegio.com.br\/tema\/wp-json\/wp\/v2\/types\/page"}],"author":[{"embeddable":true,"href":"https:\/\/temacolegio.com.br\/tema\/wp-json\/wp\/v2\/users\/1"}],"replies":[{"embeddable":true,"href":"https:\/\/temacolegio.com.br\/tema\/wp-json\/wp\/v2\/comments?post=144"}],"version-history":[{"count":765,"href":"https:\/\/temacolegio.com.br\/tema\/wp-json\/wp\/v2\/pages\/144\/revisions"}],"predecessor-version":[{"id":20955,"href":"https:\/\/temacolegio.com.br\/tema\/wp-json\/wp\/v2\/pages\/144\/revisions\/20955"}],"wp:attachment":[{"href":"https:\/\/temacolegio.com.br\/tema\/wp-json\/wp\/v2\/media?parent=144"}],"curies":[{"name":"wp","href":"https:\/\/api.w.org\/{rel}","templated":true}]}}