{"id":13216,"date":"2023-01-16T03:53:39","date_gmt":"2023-01-16T06:53:39","guid":{"rendered":"https:\/\/temacolegio.com.br\/tema\/?page_id=13216"},"modified":"2026-01-29T23:01:36","modified_gmt":"2026-01-30T02:01:36","slug":"calendario-ensino-medio","status":"publish","type":"page","link":"https:\/\/temacolegio.com.br\/tema\/calendario-ensino-medio\/","title":{"rendered":"Calend\u00e1rios do  Ensino Medio"},"content":{"rendered":"\t\t<div data-elementor-type=\"wp-page\" data-elementor-id=\"13216\" class=\"elementor elementor-13216\" data-elementor-post-type=\"page\">\n\t\t\t\t\t\t<section class=\"elementor-section elementor-top-section elementor-element elementor-element-23e0562 elementor-section-boxed elementor-section-height-default elementor-section-height-default\" data-id=\"23e0562\" data-element_type=\"section\">\n\t\t\t\t\t\t<div class=\"elementor-container elementor-column-gap-default\">\n\t\t\t\t\t<div class=\"elementor-column elementor-col-100 elementor-top-column elementor-element elementor-element-65eb74e\" data-id=\"65eb74e\" data-element_type=\"column\">\n\t\t\t<div class=\"elementor-widget-wrap elementor-element-populated\">\n\t\t\t\t\t\t<div class=\"elementor-element elementor-element-3dd0d03 elementor-widget elementor-widget-heading\" data-id=\"3dd0d03\" data-element_type=\"widget\" data-widget_type=\"heading.default\">\n\t\t\t\t<div class=\"elementor-widget-container\">\n\t\t\t\t\t<h2 class=\"elementor-heading-title elementor-size-default\"><a href=\"https:\/\/temacolegio.com.br\/tema\/ensino_medio\/\">Ensino M\u00e9dio 2026:<span style=\"color: inherit\"><\/span><\/a><\/h2>\t\t\t\t<\/div>\n\t\t\t\t<\/div>\n\t\t\t\t\t<\/div>\n\t\t<\/div>\n\t\t\t\t\t<\/div>\n\t\t<\/section>\n\t\t\t\t<section class=\"elementor-section elementor-top-section elementor-element elementor-element-87c8dcb elementor-section-boxed elementor-section-height-default elementor-section-height-default\" data-id=\"87c8dcb\" data-element_type=\"section\">\n\t\t\t\t\t\t<div class=\"elementor-container elementor-column-gap-default\">\n\t\t\t\t\t<div class=\"elementor-column elementor-col-100 elementor-top-column elementor-element elementor-element-12b5189\" data-id=\"12b5189\" data-element_type=\"column\">\n\t\t\t<div class=\"elementor-widget-wrap elementor-element-populated\">\n\t\t\t\t\t\t<div class=\"elementor-element elementor-element-24565bf elementor-widget elementor-widget-text-editor\" data-id=\"24565bf\" data-element_type=\"widget\" data-widget_type=\"text-editor.default\">\n\t\t\t\t<div class=\"elementor-widget-container\">\n\t\t\t\t\t\t\t\t\t<p><span style=\"font-size: 20px;\">Ol\u00e1, queremos informar que optamos por n\u00e3o oferecer o Ensino M\u00e9dio em 2026 para podermos planejar com cuidado cada etapa desse projeto. Assim, em 2027, os alunos encontrar\u00e3o um Ensino M\u00e9dio revitalizado, com metodologias atualizadas, melhor estrutura e foco no desenvolvimento acad\u00eamico e pessoal.&nbsp;<\/span><\/p>\n<h2 class=\"elementor-heading-title elementor-size-default elementor-inline-editing pen\" data-elementor-setting-key=\"title\" contenteditable=\"true\" data-pen-placeholder=\"Digite aqui...\"><span style=\"font-size: 20px;\"><strong data-start=\"382\" data-end=\"534\">Esperamos voc\u00eas para, juntos, iniciarmos esse novo Ensino M\u00e9dio em 2027, at\u00e9 breve.<\/strong><\/span><\/h2>\t\t\t\t\t\t\t\t<\/div>\n\t\t\t\t<\/div>\n\t\t\t\t\t<\/div>\n\t\t<\/div>\n\t\t\t\t\t<\/div>\n\t\t<\/section>\n\t\t\t\t<\/div>\n\t\t","protected":false},"excerpt":{"rendered":"<p>Ensino M\u00e9dio 2026: Ol\u00e1, queremos informar que optamos por n\u00e3o oferecer o Ensino M\u00e9dio em 2026 para podermos planejar com cuidado cada etapa desse projeto. Assim, em 2027, os alunos encontrar\u00e3o um Ensino M\u00e9dio revitalizado, com metodologias atualizadas, melhor estrutura e foco no desenvolvimento acad\u00eamico e pessoal.&nbsp; Esperamos voc\u00eas para, [&hellip;]<\/p>\n","protected":false},"author":1,"featured_media":0,"parent":0,"menu_order":0,"comment_status":"closed","ping_status":"closed","template":"","meta":{"footnotes":""},"class_list":["post-13216","page","type-page","status-publish","hentry"],"_links":{"self":[{"href":"https:\/\/temacolegio.com.br\/tema\/wp-json\/wp\/v2\/pages\/13216","targetHints":{"allow":["GET"]}}],"collection":[{"href":"https:\/\/temacolegio.com.br\/tema\/wp-json\/wp\/v2\/pages"}],"about":[{"href":"https:\/\/temacolegio.com.br\/tema\/wp-json\/wp\/v2\/types\/page"}],"author":[{"embeddable":true,"href":"https:\/\/temacolegio.com.br\/tema\/wp-json\/wp\/v2\/users\/1"}],"replies":[{"embeddable":true,"href":"https:\/\/temacolegio.com.br\/tema\/wp-json\/wp\/v2\/comments?post=13216"}],"version-history":[{"count":86,"href":"https:\/\/temacolegio.com.br\/tema\/wp-json\/wp\/v2\/pages\/13216\/revisions"}],"predecessor-version":[{"id":21092,"href":"https:\/\/temacolegio.com.br\/tema\/wp-json\/wp\/v2\/pages\/13216\/revisions\/21092"}],"wp:attachment":[{"href":"https:\/\/temacolegio.com.br\/tema\/wp-json\/wp\/v2\/media?parent=13216"}],"curies":[{"name":"wp","href":"https:\/\/api.w.org\/{rel}","templated":true}]}}